{"id":4790,"date":"2014-10-22T10:43:12","date_gmt":"2014-10-22T08:43:12","guid":{"rendered":"http:\/\/www2.aq.upm.es\/Departamentos\/Urbanismo\/blogs\/re-hab\/?page_id=4790"},"modified":"2024-01-10T23:17:29","modified_gmt":"2024-01-10T22:17:29","slug":"2012-analisis-de-las-caracteristicas-de-la-edificacion-residencial-en-espana-2001","status":"publish","type":"page","link":"https:\/\/vps181.cesvima.upm.es\/re-hab\/proyectos-investigacion\/2012-analisis-de-las-caracteristicas-de-la-edificacion-residencial-en-espana-2001\/","title":{"rendered":"2012. An\u00e1lisis de las caracter\u00edsticas de la edificaci\u00f3n residencial en Espa\u00f1a 2001"},"content":{"rendered":"<p><strong>CONVENIO DE COLABORACI\u00d3N ENTRE EL MINISTERIO DE FOMENTO Y EL INSTITUTO JUAN DE HERRERA DE LA ESCUELA T\u00c9CNICA SUPERIOR DE ARQUITECTURA DE MADRID (UPM), SOBRE EL DESARROLLO DE LOS TRABAJOS A REALIZAR DURANTE EL A\u00d1O 2012 PARA EL \u00abOBSERVATORIO DE LA VULNERABILIDAD URBANA\u00bb<\/strong><\/p>\n<p><a href=\"https:\/\/i0.wp.com\/vps181.cesvima.upm.es\/re-hab\/wp-content\/uploads\/sites\/6\/2014\/10\/2012-Analisis-parque-residencial.jpg?ssl=1\"><img data-recalc-dims=\"1\" loading=\"lazy\" decoding=\"async\" data-attachment-id=\"4797\" data-permalink=\"https:\/\/vps181.cesvima.upm.es\/re-hab\/proyectos-investigacion\/2012-analisis-de-las-caracteristicas-de-la-edificacion-residencial-en-espana-2001\/2012_analisis-parque-residencial\/\" data-orig-file=\"https:\/\/i0.wp.com\/vps181.cesvima.upm.es\/re-hab\/wp-content\/uploads\/sites\/6\/2014\/10\/2012-Analisis-parque-residencial.jpg?fit=3999%2C1477&amp;ssl=1\" data-orig-size=\"3999,1477\" data-comments-opened=\"1\" data-image-meta=\"{&quot;aperture&quot;:&quot;0&quot;,&quot;credit&quot;:&quot;&quot;,&quot;camera&quot;:&quot;&quot;,&quot;caption&quot;:&quot;&quot;,&quot;created_timestamp&quot;:&quot;0&quot;,&quot;copyright&quot;:&quot;&quot;,&quot;focal_length&quot;:&quot;0&quot;,&quot;iso&quot;:&quot;0&quot;,&quot;shutter_speed&quot;:&quot;0&quot;,&quot;title&quot;:&quot;&quot;,&quot;orientation&quot;:&quot;0&quot;}\" data-image-title=\"2012_Analisis parque residencial\" data-image-description=\"\" data-image-caption=\"\" data-large-file=\"https:\/\/i0.wp.com\/vps181.cesvima.upm.es\/re-hab\/wp-content\/uploads\/sites\/6\/2014\/10\/2012-Analisis-parque-residencial.jpg?fit=1024%2C378&amp;ssl=1\" class=\"aligncenter size-full wp-image-4797\" src=\"https:\/\/i0.wp.com\/vps181.cesvima.upm.es\/re-hab\/wp-content\/uploads\/sites\/6\/2014\/10\/2012-Analisis-parque-residencial.jpg?resize=3999%2C1477&#038;ssl=1\" alt=\"2012_Analisis parque residencial\" width=\"3999\" height=\"1477\" srcset=\"https:\/\/i0.wp.com\/vps181.cesvima.upm.es\/re-hab\/wp-content\/uploads\/sites\/6\/2014\/10\/2012-Analisis-parque-residencial.jpg?w=3999&amp;ssl=1 3999w, https:\/\/i0.wp.com\/vps181.cesvima.upm.es\/re-hab\/wp-content\/uploads\/sites\/6\/2014\/10\/2012-Analisis-parque-residencial.jpg?resize=300%2C111&amp;ssl=1 300w, https:\/\/i0.wp.com\/vps181.cesvima.upm.es\/re-hab\/wp-content\/uploads\/sites\/6\/2014\/10\/2012-Analisis-parque-residencial.jpg?resize=768%2C284&amp;ssl=1 768w, https:\/\/i0.wp.com\/vps181.cesvima.upm.es\/re-hab\/wp-content\/uploads\/sites\/6\/2014\/10\/2012-Analisis-parque-residencial.jpg?resize=1024%2C378&amp;ssl=1 1024w, https:\/\/i0.wp.com\/vps181.cesvima.upm.es\/re-hab\/wp-content\/uploads\/sites\/6\/2014\/10\/2012-Analisis-parque-residencial.jpg?resize=1568%2C579&amp;ssl=1 1568w, https:\/\/i0.wp.com\/vps181.cesvima.upm.es\/re-hab\/wp-content\/uploads\/sites\/6\/2014\/10\/2012-Analisis-parque-residencial.jpg?w=2000&amp;ssl=1 2000w, https:\/\/i0.wp.com\/vps181.cesvima.upm.es\/re-hab\/wp-content\/uploads\/sites\/6\/2014\/10\/2012-Analisis-parque-residencial.jpg?w=3000&amp;ssl=1 3000w\" sizes=\"auto, (max-width: 1000px) 100vw, 1000px\" \/><\/a><\/p>\n<p>En desarrollo del convenio del a\u00f1o 2012 entre el Instituto Juan de Herrera (IJH) y el Ministerio de Fomento se elaboraron los siguientes trabajos:<\/p>\n<p><strong><em>1. I<\/em><em>nforme introductorio sobre el contexto general de la vulnerabilidad urbana en Espa\u00f1a entre 1991 y 2001:<\/em><\/strong><\/p>\n<p><strong><em>2. Informe sobre la evoluci\u00f3n de los \u00cdndices de Desigualdad Socioecon\u00f3mica y de los \u00edndices de Desigualdad Urbana en Espa\u00f1a entre 1991 y 2001<\/em><\/strong><\/p>\n<p><strong><em>3. Informe de an\u00e1lisis de las caracter\u00edsticas de la edificaci\u00f3n residencial en Espa\u00f1a en 2001<\/em><\/strong>, nacional y por comunidades aut\u00f3nomas, que mediante el an\u00e1lisis de los datos del Censo de poblaci\u00f3n y vivienda 2001 cumple con los objetivos espec\u00edficos de:<\/p>\n<ul>\n<li style=\"text-align: justify;\">Caracterizar el parque auton\u00f3mico y estatal en funci\u00f3n de la antig\u00fcedad, la tipolog\u00eda (unifamiliar o plurifamiliar) y el tama\u00f1o del municipio en el que est\u00e1 situado, destacando el conjunto mayoritario de las viviendas de acuerdo a estos tres par\u00e1metros.<\/li>\n<li style=\"text-align: justify;\">Establecer la definici\u00f3n, tipolog\u00eda y localizaci\u00f3n del parque de intervenci\u00f3n prioritaria. Dicha localizaci\u00f3n se elabor\u00f3\u00a0en funci\u00f3n de las mismas variables utilizadas para la caracterizaci\u00f3n del parque (antig\u00fcedad, tipolog\u00eda y tama\u00f1o del municipio) y para las dos escalas se\u00f1aladas, el conjunto espa\u00f1ol y cada una de las comunidades aut\u00f3nomas.<\/li>\n<li style=\"text-align: justify;\">Comprobar si el parque de intervenci\u00f3n prioritaria est\u00e1 incluido dentro del grupo mayoritario se\u00f1alado en la caracterizaci\u00f3n.<\/li>\n<\/ul>\n<p>El informe puede consultarse en la p\u00e1gina del Ministerio de Fomento:<\/p>\n<p style=\"padding-left: 30px;\"><strong>An\u00e1lisis de las caracter\u00edsticas de la Edificaci\u00f3n Residencial en Espa\u00f1a 2001<\/strong><br \/>\n<a href=\"https:\/\/www.mitma.gob.es\/areas-de-actividad\/arquitectura-vivienda-y-suelo\/urbanismo-y-politica-de-suelo\/observatorio-de-la-vulnerabilidad-urbana\/analisis-de-las-caracteristicas-de-la-edificacion-residencial-en-espan%CC%83a\" target=\"_blank\" rel=\"noopener noreferrer\">https:\/\/www.mitma.gob.es\/areas-de-actividad\/arquitectura-vivienda-y-suelo\/urbanismo-y-politica-de-suelo\/observatorio-de-la-vulnerabilidad-urbana\/analisis-de-las-caracteristicas-de-la-edificacion-residencial-en-espan%CC%83a<\/a><\/p>\n<p style=\"text-align: right;\"><span style=\"text-align: right;\"><a href=\"#\" class=\"top\">Inicio ^<\/a><\/span><\/p>\n<p><span style=\"font-size: medium;\"><strong><span style=\"font-family: verdana,geneva; color: #21759b;\"><span style=\"font-size: small;\">EQUIPO<\/span><\/span><\/strong><\/span><\/p>\n<p style=\"text-align: justify;\">DIRECTOR DEL TRABAJO:<\/p>\n<p style=\"text-align: justify; padding-left: 30px;\"><b>Agust\u00edn Hern\u00e1ndez Aja<\/b>, doctor arquitecto, director del <a title=\"Departamento de Urban\u00edstica y Ordenaci\u00f3n del Territorio\" href=\"https:\/\/duyot.aq.upm.es\/\" target=\"_blank\" rel=\"noopener noreferrer\">Departamento de Urban\u00edstica y Ordenaci\u00f3n del Territorio<\/a> de la <a title=\"ETSAM\" href=\"http:\/\/etsamadrid.aq.upm.es\/\" target=\"_blank\" rel=\"noopener noreferrer\">ETSAM<\/a>\/<a title=\"UPM\" href=\"http:\/\/www.upm.es\/institucional\" target=\"_blank\" rel=\"noopener noreferrer\">UPM<\/a><\/p>\n<p>REDACTORES:<\/p>\n<p style=\"text-align: justify; padding-left: 30px;\"><b>Agust\u00edn Hern\u00e1ndez Aja<\/b>, doctor arquitecto, director del <a title=\"Departamento de Urban\u00edstica y Ordenaci\u00f3n del Territorio\" href=\"https:\/\/duyot.aq.upm.es\/\" target=\"_blank\" rel=\"noopener noreferrer\">Departamento de Urban\u00edstica y Ordenaci\u00f3n del Territorio<\/a> de la <a title=\"ETSAM\" href=\"http:\/\/etsamadrid.aq.upm.es\/\" target=\"_blank\" rel=\"noopener noreferrer\">ETSAM<\/a>\/<a title=\"UPM\" href=\"http:\/\/www.upm.es\/institucional\" target=\"_blank\" rel=\"noopener noreferrer\">UPM<\/a><\/p>\n<p style=\"text-align: justify; padding-left: 30px;\"><strong>Raquel Rodr\u00edguez Alonso<\/strong>, arquitecta, profesora asociada del Departamento de Urban\u00edstica y Ordenaci\u00f3n del Territorio.<\/p>\n<p style=\"padding-left: 30px;\"><strong>Marian Sim\u00f3n Rojo<\/strong>, arquitecta, profesora asociada del Departamento de Urban\u00edstica y Ordenaci\u00f3n del Territorio.<\/p>\n<p style=\"padding-left: 30px;\"><strong>\u00c1ngela Matesanz Parellada<\/strong>, arquitecta, m\u00e1ster en Planeamiento Urbano y Territorial y alumna de doctorado.<\/p>\n<p style=\"padding-left: 30px;\"><strong>Carolina Garc\u00eda Madruga<\/strong>, arquitecta, m\u00e1ster en Planeamiento Urbano y Territorial y alumna de doctorado.<\/p>\n<p style=\"padding-left: 30px;\"><strong>Cristina Fern\u00e1ndez Ram\u00edrez<\/strong>, arquitecta e investigadora del IJH.<\/p>\n<p style=\"padding-left: 30px;\"><strong>Iv\u00e1n Rodr\u00edguez Su\u00e1rez<\/strong>, arquitecto, m\u00e1ster en Planeamiento Urbano y Territorial.<\/p>\n<p>EQUIPO B\u00c1SICO:<\/p>\n<p style=\"text-align: justify; padding-left: 30px;\"><b>Agust\u00edn Hern\u00e1ndez Aja<\/b>, doctor arquitecto, director del <a title=\"Departamento de Urban\u00edstica y Ordenaci\u00f3n del Territorio\" href=\"https:\/\/duyot.aq.upm.es\/\" target=\"_blank\" rel=\"noopener noreferrer\">Departamento de Urban\u00edstica y Ordenaci\u00f3n del Territorio<\/a> de la <a title=\"ETSAM\" href=\"http:\/\/etsamadrid.aq.upm.es\/\" target=\"_blank\" rel=\"noopener noreferrer\">ETSAM<\/a>\/<a title=\"UPM\" href=\"http:\/\/www.upm.es\/institucional\" target=\"_blank\" rel=\"noopener noreferrer\">UPM<\/a><\/p>\n<p style=\"text-align: justify; padding-left: 30px;\"><strong>Raquel Rodr\u00edguez Alonso<\/strong>, arquitecta, profesora asociada del Departamento de Urban\u00edstica y Ordenaci\u00f3n del Territorio.<\/p>\n<p style=\"padding-left: 30px;\"><strong>Marian Sim\u00f3n Rojo<\/strong>, arquitecta, profesora asociada del Departamento de Urban\u00edstica y Ordenaci\u00f3n del Territorio.<\/p>\n<p style=\"padding-left: 30px;\"><strong>\u00c1ngela Matesanz Parellada<\/strong>, arquitecta, m\u00e1ster en Planeamiento Urbano y Territorial y alumna de doctorado.<\/p>\n<p style=\"padding-left: 30px;\"><strong>Carolina Garc\u00eda Madruga<\/strong>, arquitecta, m\u00e1ster en Planeamiento Urbano y Territorial y alumna de doctorado.<\/p>\n<p style=\"padding-left: 30px;\"><strong>Cristina Fern\u00e1ndez Ram\u00edrez<\/strong>, arquitecta e investigadora del IJH.<\/p>\n<p style=\"padding-left: 30px;\"><strong>Iv\u00e1n Rodr\u00edguez Su\u00e1rez<\/strong>, arquitecto, m\u00e1ster en Planeamiento Urbano y Territorial.<\/p>\n<p style=\"padding-left: 30px;\"><strong>Gonzalo S\u00e1nchez-Toscano Salgado<\/strong>, arquitecto y alumno del M\u00e1ster de Planeamiento Urbano en Estudios Urbanos<\/p>\n<p style=\"padding-left: 30px;\"><strong>Miguel Pantoja Cabezas<\/strong>, arquitecto<\/p>\n<p>COORDINACI\u00d3N DEL TRABAJO (MINISTERIO DE FOMENTO):<\/p>\n<p style=\"text-align: left; padding-left: 30px;\"><span style=\"text-align: right;\"><strong>Eduardo de Santiago Rodr\u00edguez<\/strong>, arquitecto, Consejero T\u00e9cnico de Suelo. Subdirecci\u00f3n General de Urbanismo.<\/span><\/p>\n<p style=\"text-align: left;\">ELABORACI\u00d3N DE LA BASE DE DATOS DE LA EDIFICACI\u00d3N RESIDENCIAL POR COMUNIDADES AUT\u00d3NOMAS:<\/p>\n<p style=\"text-align: left; padding-left: 30px;\">ARGEA Consultores SL. Direcci\u00f3n: <strong>Pablo Fidalgo Garc\u00eda<\/strong>, ge\u00f3grafo.<\/p>\n<p style=\"text-align: left; padding-left: 30px;\">Equipo de trabajo:<\/p>\n<p style=\"text-align: left; padding-left: 30px;\"><strong>Elisa Su\u00e1rez Ant\u00f3n<\/strong>, soci\u00f3loga. \/\u00a0<strong>Juli\u00e1n Bueno Risco<\/strong>, ge\u00f3grafo. \/\u00a0<strong>Agust\u00edn Mart\u00edn Espinosa<\/strong>, ge\u00f3grafo.<\/p>\n<p style=\"text-align: right; padding-left: 30px;\"><span style=\"text-align: right;\"><a href=\"#\" class=\"top\">Inicio ^<\/a><\/span><\/p>\n<p><span style=\"color: #21759b; font-family: verdana,geneva; font-size: small;\"><strong>DATOS DEL PROYECTO<\/strong><\/span><\/p>\n<table border=\"0\" cellspacing=\"1\" cellpadding=\"1\" align=\"left\">\n<tbody>\n<tr>\n<td align=\"left\" valign=\"middle\"><strong>Entidad de realizaci\u00f3n<\/strong><\/td>\n<td align=\"left\" valign=\"middle\">Secci\u00f3n de Urbanismo del Instituto Juan de Herrera. Escuela T\u00e9cnica Superior de Arquitectura de la Universidad Polit\u00e9cnca de Madrid.<\/td>\n<\/tr>\n<tr>\n<td align=\"left\" valign=\"middle\"><strong>Entidad Fiananciadora<\/strong><\/td>\n<td align=\"left\" valign=\"middle\">Ministerio de Fomento<\/td>\n<\/tr>\n<tr>\n<td align=\"left\" valign=\"middle\"><strong>Fecha de inicio<\/strong><\/td>\n<td align=\"left\" valign=\"middle\">07\/2012<\/td>\n<\/tr>\n<tr align=\"left\" valign=\"middle\">\n<td align=\"left\" valign=\"middle\"><strong>Duraci\u00f3n<\/strong><\/td>\n<td align=\"left\" valign=\"middle\">5\u00a0meses<\/td>\n<\/tr>\n<tr align=\"left\" valign=\"middle\">\n<td align=\"left\" valign=\"middle\"><strong>Cuant\u00eda total<\/strong><\/td>\n<td align=\"left\" valign=\"middle\">62.407 \u20ac<\/td>\n<\/tr>\n<tr>\n<td align=\"left\" valign=\"middle\"><strong>C\u00f3digo<\/strong><\/td>\n<td align=\"left\" valign=\"middle\">Aplicaci\u00f3n presupuestaria <a href=\"http:\/\/www.sepg.pap.minhap.gob.es\/Presup\/PGE2012Ley\/MaestroDocumentos\/PGE-ROM\/doc\/HTM\/N_12_E_R_31_117_1_1_1_1261P_2.HTM\" target=\"_blank\" rel=\"noopener noreferrer\">17.09.261P.78001<\/a>.IJH. Observatorio Vulnerabilidad Urbana<\/td>\n<\/tr>\n<\/tbody>\n<\/table>\n<p style=\"text-align: right;\"><a href=\"#\" class=\"top\">Inicio ^<\/a><\/p>\n","protected":false},"excerpt":{"rendered":"<p>CONVENIO DE COLABORACI\u00d3N ENTRE EL MINISTERIO DE FOMENTO Y EL INSTITUTO JUAN DE HERRERA DE LA ESCUELA T\u00c9CNICA SUPERIOR DE ARQUITECTURA DE MADRID (UPM), SOBRE EL DESARROLLO DE LOS TRABAJOS A REALIZAR DURANTE EL A\u00d1O 2012 PARA EL \u00abOBSERVATORIO DE LA VULNERABILIDAD URBANA\u00bb En desarrollo del convenio del a\u00f1o 2012 entre el Instituto Juan de [&hellip;]<\/p>\n","protected":false},"author":11,"featured_media":4797,"parent":6,"menu_order":9,"comment_status":"open","ping_status":"closed","template":"","meta":{"_monsterinsights_skip_tracking":false,"_monsterinsights_sitenote_active":false,"_monsterinsights_sitenote_note":"","_monsterinsights_sitenote_category":0,"_genesis_hide_title":false,"_genesis_hide_breadcrumbs":false,"_genesis_hide_singular_image":false,"_genesis_hide_footer_widgets":false,"_genesis_custom_body_class":"","_genesis_custom_post_class":"","_genesis_layout":"","jetpack_post_was_ever_published":false,"footnotes":""},"investigador":[233],"tipos-paginas":[117],"coauthors":[163],"class_list":{"0":"post-4790","1":"page","2":"type-page","3":"status-publish","4":"has-post-thumbnail","6":"investigador-ivan-rodriguez-suarez","7":"tipos-paginas-proyectos","8":"entry"},"aioseo_notices":[],"jetpack_sharing_enabled":true,"_links":{"self":[{"href":"https:\/\/vps181.cesvima.upm.es\/re-hab\/wp-json\/wp\/v2\/pages\/4790","targetHints":{"allow":["GET"]}}],"collection":[{"href":"https:\/\/vps181.cesvima.upm.es\/re-hab\/wp-json\/wp\/v2\/pages"}],"about":[{"href":"https:\/\/vps181.cesvima.upm.es\/re-hab\/wp-json\/wp\/v2\/types\/page"}],"author":[{"embeddable":true,"href":"https:\/\/vps181.cesvima.upm.es\/re-hab\/wp-json\/wp\/v2\/users\/11"}],"replies":[{"embeddable":true,"href":"https:\/\/vps181.cesvima.upm.es\/re-hab\/wp-json\/wp\/v2\/comments?post=4790"}],"version-history":[{"count":3,"href":"https:\/\/vps181.cesvima.upm.es\/re-hab\/wp-json\/wp\/v2\/pages\/4790\/revisions"}],"predecessor-version":[{"id":10351,"href":"https:\/\/vps181.cesvima.upm.es\/re-hab\/wp-json\/wp\/v2\/pages\/4790\/revisions\/10351"}],"up":[{"embeddable":true,"href":"https:\/\/vps181.cesvima.upm.es\/re-hab\/wp-json\/wp\/v2\/pages\/6"}],"wp:featuredmedia":[{"embeddable":true,"href":"https:\/\/vps181.cesvima.upm.es\/re-hab\/wp-json\/wp\/v2\/media\/4797"}],"wp:attachment":[{"href":"https:\/\/vps181.cesvima.upm.es\/re-hab\/wp-json\/wp\/v2\/media?parent=4790"}],"wp:term":[{"taxonomy":"investigador","embeddable":true,"href":"https:\/\/vps181.cesvima.upm.es\/re-hab\/wp-json\/wp\/v2\/investigador?post=4790"},{"taxonomy":"tipos-paginas","embeddable":true,"href":"https:\/\/vps181.cesvima.upm.es\/re-hab\/wp-json\/wp\/v2\/tipos-paginas?post=4790"},{"taxonomy":"author","embeddable":true,"href":"https:\/\/vps181.cesvima.upm.es\/re-hab\/wp-json\/wp\/v2\/coauthors?post=4790"}],"curies":[{"name":"wp","href":"https:\/\/api.w.org\/{rel}","templated":true}]}}