{"id":1695,"date":"2019-09-18T18:12:05","date_gmt":"2019-09-18T16:12:05","guid":{"rendered":"https:\/\/vps181.cesvima.upm.es\/usv2019\/?page_id=1695"},"modified":"2019-10-27T20:21:02","modified_gmt":"2019-10-27T19:21:02","slug":"ciudad-medio-ambiente-y-salud","status":"publish","type":"page","link":"https:\/\/vps181.cesvima.upm.es\/usv2019\/ciudad-medio-ambiente-y-salud\/","title":{"rendered":"Ciudad, medio ambiente y salud"},"content":{"rendered":"<p><span style=\"color: #003366\"><em>#AmbienteSaludUSV<\/em><\/span><\/p>\n<p><strong>Direcci\u00f3n:<\/strong><\/p>\n<ul class=\"block-editor-rich-text__editable editor-rich-text__editable\" role=\"textbox\" data-is-placeholder-visible=\"false\" aria-label=\"Escribe una lista\u2026\">\n<li>Ester Higueras Garc\u00eda, profesora titular, DUyOT-ETSAM-UPM.<\/li>\n<li>Emilia Rom\u00e1n L\u00f3pez, profesora ayudante doctora, DUyOT-ETSAM-UPM.<\/li>\n<\/ul>\n<p><strong>Dossier del curso:<\/strong><\/p>\n<p><span style=\"color: #000000\">Descarga <a href=\"https:\/\/vps181.cesvima.upm.es\/usv2019\/wp-content\/uploads\/sites\/4\/2019\/10\/03-0923-Ciudad-medio-ambiente-y-salud.pdf\" target=\"_blank\" rel=\"noopener noreferrer\">aqu\u00ed<\/a> el dossier completo del curso con los objetivos y el programa.<\/span><\/p>\n<p><span style=\"color: #000000\"><strong data-rich-text-format-boundary=\"true\">Objetivos del curso<\/strong>:<\/span><\/p>\n<p><strong data-rich-text-format-boundary=\"true\">Lunes 28. M\u00f3dulo I: Ciudad, dise\u00f1o urbano y salud.<\/strong><\/p>\n<p>El objetivo de este m\u00f3dulo es establecer las bases te\u00f3ricas y l\u00edneas principales de actuaci\u00f3n para conseguir barrios y espacios p\u00fablicos m\u00e1s saludables. Se proponen a su vez tres objetivos espec\u00edficos: una ciudad pensada para caminar, la introducci\u00f3n de la naturaleza en la ciudad y la construcci\u00f3n de espacios de convivencia (que se desarrollar\u00e1n en detalle a lo largo de los tres m\u00f3dulos siguientes). Sin embargo, hay que advertir que el hecho urbano es un hecho complejo, en el que todos sus aspectos est\u00e1n relacionados. De tal forma que, el objetivo de conseguir una ciudad para andar est\u00e1 impl\u00edcito en la construcci\u00f3n de espacios de convivencia y, por supuesto, en la introducci\u00f3n de la naturaleza en la ciudad o en la necesidad de atender a la formaci\u00f3n de redes de convivencia.<\/p>\n<p><strong data-rich-text-format-boundary=\"true\">Martes 29. M\u00f3dulo II: Ciudades para caminar.<\/strong><\/p>\n<p>El objetivo de conseguir una ciudad para caminar est\u00e1 impl\u00edcito en la construcci\u00f3n de espacios de convivencia y, por supuesto, en la introducci\u00f3n de la naturaleza en la ciudad o en la necesidad de atender a la formaci\u00f3n de redes de convivencia. Adem\u00e1s de los anterior, los siguientes elementos resultan cr\u00edticos para conseguir una ciudad en la que la gente se sienta c\u00f3moda caminando: el confort t\u00e9rmico y ac\u00fastico, el confort respecto a la seguridad espacial de las calles, el confort compositivo-de identidad y pertenencia y la accesibilidad.<\/p>\n<p><strong data-rich-text-format-boundary=\"true\">Mi\u00e9rcoles 30. M\u00f3dulo III: Naturaleza en las ciudades.<\/strong><\/p>\n<p>El segundo gran tema es el de la introducci\u00f3n de la naturaleza en la ciudad. La ciudad se cre\u00f3 para separarse de la naturaleza y conseguir un espacio m\u00e1s controlado. Sin embargo, esta cuesti\u00f3n llevada al l\u00edmite ha tra\u00eddo consigo, no s\u00f3lo problemas que afectan a la salud de los habitantes de las ciudades sino tambi\u00e9n a las posibilidades de supervivencia planetaria, al explotar excesivamente los ecosistemas que dan sustento a la vida urbana. No cabe duda de que, en las actuales condiciones de densificaci\u00f3n de las ciudades, el contacto con los espacios verdes busca satisfacer la necesidad de contemplar elementos naturales, la necesidad psicol\u00f3gica de satisfacci\u00f3n y estar a gusto, y la necesidad de usos recreativos y deportivos. En este sentido, otro de los aspectos cr\u00edticos es que la introducci\u00f3n de la naturaleza en la ciudad contribuye a facilitar la realizaci\u00f3n de ejercicio f\u00edsico. De hecho, existen muchos estudios que relacionan la no existencia de zonas verdes de proximidad con el sobrepeso.<\/p>\n<p><strong data-rich-text-format-boundary=\"true\">Jueves 31. M\u00f3dulo IV: Espacios de convivencia.<\/strong><\/p>\n<p>Otro aspecto fundamental, que es caracter\u00edstico de nuestras ciudades, es la posibilidad de establecer nuevas relaciones sociales. Sin embargo, el modelo de ciudad actual se aleja de esta cualidad. El urbanismo, por tanto, deber\u00eda favorecer los lugares de encuentro para poder relacionarnos con las dem\u00e1s personas y as\u00ed, la convivencia de todas. Por ello, se necesitan espacios pensados para tal fin, que promuevan la actividad en el d\u00eda a d\u00eda, pero adem\u00e1s posibilitan el encuentro entre todas las personas que viven esos lugares.<\/p>\n<p><strong>Programa:<\/strong><\/p>\n<p><img data-recalc-dims=\"1\" loading=\"lazy\" decoding=\"async\" class=\"alignleft wp-image-1951 size-large\" src=\"https:\/\/i0.wp.com\/vps181.cesvima.upm.es\/usv2019\/wp-content\/uploads\/sites\/4\/2019\/10\/10-24-AmbienteSalud_prog-1024x768.jpg?resize=702%2C527&#038;ssl=1\" alt=\"\" width=\"702\" height=\"527\" srcset=\"https:\/\/i0.wp.com\/vps181.cesvima.upm.es\/usv2019\/wp-content\/uploads\/sites\/4\/2019\/10\/10-24-AmbienteSalud_prog.jpg?resize=1024%2C768&amp;ssl=1 1024w, https:\/\/i0.wp.com\/vps181.cesvima.upm.es\/usv2019\/wp-content\/uploads\/sites\/4\/2019\/10\/10-24-AmbienteSalud_prog.jpg?resize=300%2C225&amp;ssl=1 300w, https:\/\/i0.wp.com\/vps181.cesvima.upm.es\/usv2019\/wp-content\/uploads\/sites\/4\/2019\/10\/10-24-AmbienteSalud_prog.jpg?resize=768%2C576&amp;ssl=1 768w, https:\/\/i0.wp.com\/vps181.cesvima.upm.es\/usv2019\/wp-content\/uploads\/sites\/4\/2019\/10\/10-24-AmbienteSalud_prog.jpg?w=1404&amp;ssl=1 1404w, https:\/\/i0.wp.com\/vps181.cesvima.upm.es\/usv2019\/wp-content\/uploads\/sites\/4\/2019\/10\/10-24-AmbienteSalud_prog.jpg?w=2106&amp;ssl=1 2106w\" sizes=\"auto, (max-width: 702px) 100vw, 702px\" \/><\/p>\n<p>Puedes consultar el programa detallado de experiencias y conferencias en <a href=\"https:\/\/vps181.cesvima.upm.es\/usv2019\/experiencias-conferencias\/\">este enlace<\/a>.<\/p>\n<p>Puedes consultar el contenido del resto de cursos en <a href=\"https:\/\/vps181.cesvima.upm.es\/usv2019\/cursos-usv\/\">este enlace<\/a>.<\/p>\n<p>Puedes consultar la estructura de la USV y las condiciones de obtenci\u00f3n de certificados en <a href=\"https:\/\/vps181.cesvima.upm.es\/usv2019\/cursos-usv\/\">este enlace<\/a>.<\/p>\n<p>Puedes descargar el programa completo de USV en <a href=\"https:\/\/vps181.cesvima.upm.es\/usv2019\/estructura\/programa\/\">este enlace<\/a>.<\/p>\n","protected":false},"excerpt":{"rendered":"<p>#AmbienteSaludUSV Direcci\u00f3n: Ester Higueras Garc\u00eda, profesora titular, DUyOT-ETSAM-UPM. Emilia Rom\u00e1n L\u00f3pez, profesora ayudante doctora, DUyOT-ETSAM-UPM. Dossier del curso: Descarga aqu\u00ed el dossier completo del curso con los objetivos y el programa. Objetivos del curso: Lunes 28. M\u00f3dulo I: Ciudad, dise\u00f1o urbano y salud. El objetivo de este m\u00f3dulo es establecer las bases te\u00f3ricas y l\u00edneas [&hellip;]<\/p>\n","protected":false},"author":7,"featured_media":0,"parent":0,"menu_order":0,"comment_status":"closed","ping_status":"closed","template":"","meta":{"_genesis_hide_title":false,"_genesis_hide_breadcrumbs":false,"_genesis_hide_singular_image":false,"_genesis_hide_footer_widgets":false,"_genesis_custom_body_class":"","_genesis_custom_post_class":"","_genesis_layout":"","footnotes":""},"coauthors":[39],"class_list":{"0":"post-1695","1":"page","2":"type-page","3":"status-publish","5":"entry"},"aioseo_notices":[],"featured_image_src":null,"featured_image_src_square":null,"jetpack_sharing_enabled":true,"jetpack_likes_enabled":true,"jetpack_shortlink":"https:\/\/wp.me\/Pbh5zy-rl","_links":{"self":[{"href":"https:\/\/vps181.cesvima.upm.es\/usv2019\/wp-json\/wp\/v2\/pages\/1695","targetHints":{"allow":["GET"]}}],"collection":[{"href":"https:\/\/vps181.cesvima.upm.es\/usv2019\/wp-json\/wp\/v2\/pages"}],"about":[{"href":"https:\/\/vps181.cesvima.upm.es\/usv2019\/wp-json\/wp\/v2\/types\/page"}],"author":[{"embeddable":true,"href":"https:\/\/vps181.cesvima.upm.es\/usv2019\/wp-json\/wp\/v2\/users\/7"}],"replies":[{"embeddable":true,"href":"https:\/\/vps181.cesvima.upm.es\/usv2019\/wp-json\/wp\/v2\/comments?post=1695"}],"version-history":[{"count":7,"href":"https:\/\/vps181.cesvima.upm.es\/usv2019\/wp-json\/wp\/v2\/pages\/1695\/revisions"}],"predecessor-version":[{"id":1981,"href":"https:\/\/vps181.cesvima.upm.es\/usv2019\/wp-json\/wp\/v2\/pages\/1695\/revisions\/1981"}],"wp:attachment":[{"href":"https:\/\/vps181.cesvima.upm.es\/usv2019\/wp-json\/wp\/v2\/media?parent=1695"}],"wp:term":[{"taxonomy":"author","embeddable":true,"href":"https:\/\/vps181.cesvima.upm.es\/usv2019\/wp-json\/wp\/v2\/coauthors?post=1695"}],"curies":[{"name":"wp","href":"https:\/\/api.w.org\/{rel}","templated":true}]}}