{"id":1256,"date":"2018-10-23T10:57:03","date_gmt":"2018-10-23T10:57:03","guid":{"rendered":"http:\/\/www.aq.upm.es\/giaus\/usvk2\/?page_id=1256"},"modified":"2018-10-23T10:57:03","modified_gmt":"2018-10-23T10:57:03","slug":"hablan-de-la-usvk","status":"publish","type":"page","link":"https:\/\/vps181.cesvima.upm.es\/usvk2018\/cronica-de-la-usvk\/hablan-de-la-usvk\/","title":{"rendered":"Hablan de la USVK"},"content":{"rendered":"<p><img loading=\"lazy\" decoding=\"async\" class=\"aligncenter size-full wp-image-1465\" src=\"https:\/\/vps181.cesvima.upm.es\/usvk2018\/wp-content\/uploads\/sites\/5\/2018\/10\/USVK2-10.jpg\" alt=\"\" width=\"3000\" height=\"2000\" srcset=\"https:\/\/vps181.cesvima.upm.es\/usvk2018\/wp-content\/uploads\/sites\/5\/2018\/10\/USVK2-10.jpg 3000w, https:\/\/vps181.cesvima.upm.es\/usvk2018\/wp-content\/uploads\/sites\/5\/2018\/10\/USVK2-10-300x200.jpg 300w, https:\/\/vps181.cesvima.upm.es\/usvk2018\/wp-content\/uploads\/sites\/5\/2018\/10\/USVK2-10-768x512.jpg 768w, https:\/\/vps181.cesvima.upm.es\/usvk2018\/wp-content\/uploads\/sites\/5\/2018\/10\/USVK2-10-1024x683.jpg 1024w\" sizes=\"auto, (max-width: 3000px) 100vw, 3000px\" \/><\/p>\n<p><a href=\"https:\/\/www.eleconomista.es\/ecoaula\/noticias\/9463935\/10\/18\/Por-una-ciudad-sin-desequilibrios-sociales-y-ambientales-nueva-edicion-de-la-Universidad-Social-de-Vallecas.html\" target=\"_blank\" rel=\"noopener noreferrer\">Por una ciudad sin desequilibrios sociales y ambientales: nueva edici\u00f3n de la Universidad Social de Vallecas<\/a>\u00a0\u2014 ElEconomista.es (19.10.2018)<\/p>\n<p><a href=\"https:\/\/diario.madrid.es\/blog\/notas-de-prensa\/comienzan-los-cursos-de-la-universidad-social-de-vallecas\/\" target=\"_blank\" rel=\"noopener noreferrer\">Comienzan los cursos de la Universidad Social de Vallecas<\/a>\u00a0\u2014 Diario de Madrid (19.10.2018)<\/p>\n<p><a href=\"http:\/\/www.upm.es\/?id=cbfa59ab17b86610VgnVCM10000009c7648a____&amp;prefmt=articulo&amp;fmt=detail\" target=\"_blank\" rel=\"noopener noreferrer\">Por una ciudad sin desequilibrios sociales y ambientales: nueva edici\u00f3n de la Universidad Social de Vallecas<\/a>\u00a0\u00a0\u2014 Universidad Polit\u00e9cnica de Madrid (19.10.2018)<\/p>\n<p><a href=\"https:\/\/www.madridesnoticia.es\/2018\/10\/universidad-social-de-vallecas-cinco-cursos-gratuitos\/\" target=\"_blank\" rel=\"noopener noreferrer\">Universidad Social de Vallecas con cinco cursos gratuitos<\/a>\u2014 Madrid es noticia\u00a0(21.11.2018)<\/p>\n<p><a href=\"https:\/\/ecodiario.eleconomista.es\/sociedad\/noticias\/9466310\/10\/18\/Madrid-vallecas-acoge-desde-manana-una-nueva-edicion-de-la-universidad-social-de-la-politecnica.html\" target=\"_blank\" rel=\"noopener noreferrer\">Madrid. vallecas acoge desde ma\u00f1ana una nueva edici\u00f3n de la universidad social de la polit\u00e9cnica<\/a>\u00a0\u2014 EcoDiario.es (21.10.2018)<\/p>\n<p><a href=\"https:\/\/www.servimedia.es\/noticias\/1083208\" target=\"_blank\" rel=\"noopener noreferrer\">Vallecas acoge desde hoy una nueva edici\u00f3n de la Universidad Social de la Polit\u00e9cnica<\/a>\u00a0\u2014 Servimedia\u00a0 (22.10.2018)<\/p>\n<p><a href=\"http:\/\/www.fuhem.es\/ecosocial\/noticias.aspx?v=10485&amp;n=0\" target=\"_blank\" rel=\"noopener noreferrer\">Universidad Social de Vallecas 2018<\/a>\u00a0\u2014 Fuhem Ecosocial<\/p>\n<p><a href=\"http:\/\/www.diariosigloxxi.com\/texto-s\/mostrar\/297430\/madrid-vallecas-acoge-desde-hoy-nueva-edicion-universidad-social-politecnica\">Madrid. Vallecas acoge desde hoy una nueva edici\u00f3n de la Universidad Social de la Polit\u00e9cnica<\/a>\u00a0\u2014 Siglo XXI (22.10.2018)<\/p>\n<p><a href=\"http:\/\/www.upm.es\/UPM?id=b6be0160400a6610VgnVCM10000009c7648a____&amp;prefmt=articulo&amp;fmt=detail\">Comienzan los cursos de la Universidad Social de Vallecas<\/a>\u00a0\u2014 Universidad Polit\u00e9cnica de Madrid (23.10.2018)<\/p>\n<p><a href=\"https:\/\/www.madrid.es\/UnidadWeb\/UGBBDD\/Actividades\/Distritos\/PuenteVallecas\/Revista22\/Ficheros\/Distrito22Oct.pdf\">Universidad Social de Vallecas del 22 al 26 de octubre<\/a> \u2014 Distrito 22, n\u00ba 11 (octubre 2018)<\/p>\n<p><a href=\"https:\/\/vallecas.com\/wp-content\/uploads\/2018\/11\/272-actualizado-compressed.pdf\">La Asociaci\u00f3n\u00a0Barr\u00f3 participa en la Universidad Social de Vallecas<\/a>\u00a0\u2014 Vallecas VA, n\u00ba 272, p\u00e1gina 9 (noviembre 2018)<\/p>\n<p><a href=\"http:\/\/gbce.es\/evento\/universidad-social-de-vallecas-2018\/\">Universidad Social de Vallecas 2018<\/a> \u2014 GBCE Espa\u00f1a (octubre 2018)<\/p>\n<p><a href=\"http:\/\/www.garuacoop.es\/curso-gratuito-economias-comunitarias-y-cooperativismo-universidad-social-vallecas-2018\/\">Curso gratuito \u00abEconom\u00edas comunitarias y cooperativismo\u00bb. Universidad Social de Vallecas 2018<\/a>\u00a0 \u2014\u00a0 Garua Coop (octubre 2018)<\/p>\n<p><a href=\"https:\/\/montera34.com\/project\/usvk-ciudad-ciudadania-tecnologias\/\">Intervenci\u00f3n en el curso Ciudad, ciudadan\u00eda y tecnolog\u00edas de la USVK<\/a>\u00a0\u2014 Montera 34 (23 de octubre de 2018)<\/p>\n<p><a href=\"https:\/\/www.europapress.es\/madrid\/noticia-edil-vallecas-plantea-pasar-competencias-areas-concejalias-territoriales-integradas-distritos-cada-20181023164243.html\">Edil de Vallecas plantea pasar competencias de \u00e1reas a 7 concejal\u00edas territoriales integradas por 3 distritos cada una<\/a> \u2014 Europa Press (23 de octubre)<\/p>\n<p><a href=\"https:\/\/www.lavanguardia.com\/local\/madrid\/20181023\/452524340887\/edil-de-vallecas-plantea-pasar-competencias-de-areas-a-7-concejalias-territoriales-integradas-por-3-distritos-cada-una.html\">Edil de Vallecas plantea pasar competencias de \u00e1reas a 7 concejal\u00edas territoriales integradas por 3 distritos cada una<\/a>\u00a0\u2014 La Vanguardia (23 de octubre)<\/p>\n<p><a href=\"http:\/\/\u2022 http:\/\/www.comune.torino.it\/relint\/bm~doc\/workinprogress_ottobre18.pdf\">Co-City, azioni innovative per uno sviluppo urbano sostenibile<\/a>\u00a0\u2014 Work in Progress, p\u00e1gina 5, Ottobre, Citta Di Torino<\/p>\n","protected":false},"excerpt":{"rendered":"<p>Por una ciudad sin desequilibrios sociales y ambientales: nueva edici\u00f3n de la Universidad Social de Vallecas\u00a0\u2014 ElEconomista.es (19.10.2018) Comienzan los cursos de la Universidad Social de Vallecas\u00a0\u2014 Diario de Madrid (19.10.2018) Por una ciudad sin desequilibrios sociales y ambientales: nueva edici\u00f3n de la Universidad Social de Vallecas\u00a0\u00a0\u2014 Universidad Polit\u00e9cnica de Madrid (19.10.2018) Universidad Social de [&hellip;]<\/p>\n","protected":false},"author":1,"featured_media":0,"parent":1250,"menu_order":0,"comment_status":"closed","ping_status":"closed","template":"","meta":{"_genesis_hide_title":false,"_genesis_hide_breadcrumbs":false,"_genesis_hide_singular_image":false,"_genesis_hide_footer_widgets":false,"_genesis_custom_body_class":"","_genesis_custom_post_class":"","_genesis_layout":"","footnotes":""},"coauthors":[],"class_list":{"0":"post-1256","1":"page","2":"type-page","3":"status-publish","5":"entry"},"aioseo_notices":[],"jetpack_sharing_enabled":true,"_links":{"self":[{"href":"https:\/\/vps181.cesvima.upm.es\/usvk2018\/wp-json\/wp\/v2\/pages\/1256","targetHints":{"allow":["GET"]}}],"collection":[{"href":"https:\/\/vps181.cesvima.upm.es\/usvk2018\/wp-json\/wp\/v2\/pages"}],"about":[{"href":"https:\/\/vps181.cesvima.upm.es\/usvk2018\/wp-json\/wp\/v2\/types\/page"}],"author":[{"embeddable":true,"href":"https:\/\/vps181.cesvima.upm.es\/usvk2018\/wp-json\/wp\/v2\/users\/1"}],"replies":[{"embeddable":true,"href":"https:\/\/vps181.cesvima.upm.es\/usvk2018\/wp-json\/wp\/v2\/comments?post=1256"}],"version-history":[{"count":0,"href":"https:\/\/vps181.cesvima.upm.es\/usvk2018\/wp-json\/wp\/v2\/pages\/1256\/revisions"}],"up":[{"embeddable":true,"href":"https:\/\/vps181.cesvima.upm.es\/usvk2018\/wp-json\/wp\/v2\/pages\/1250"}],"wp:attachment":[{"href":"https:\/\/vps181.cesvima.upm.es\/usvk2018\/wp-json\/wp\/v2\/media?parent=1256"}],"wp:term":[{"taxonomy":"author","embeddable":true,"href":"https:\/\/vps181.cesvima.upm.es\/usvk2018\/wp-json\/wp\/v2\/coauthors?post=1256"}],"curies":[{"name":"wp","href":"https:\/\/api.w.org\/{rel}","templated":true}]}}